{"id":343,"date":"2015-11-04T12:29:03","date_gmt":"2015-11-04T11:29:03","guid":{"rendered":"https:\/\/www.bredinprat.fr\/fr\/?page_id=343"},"modified":"2024-01-23T12:54:44","modified_gmt":"2024-01-23T11:54:44","slug":"mentions-legales","status":"publish","type":"page","link":"https:\/\/www.bredinprat.fr\/fr\/mentions-legales\/","title":{"rendered":"Mentions l\u00e9gales"},"content":{"rendered":"<h3>INFORMATIONS LEGALES<\/h3>\n<p>Le pr\u00e9sent site web, accessible \u00e0 partir de l&rsquo;adresse URL www.bredinprat.com [et \u00e0 l&rsquo;adresse URL www.bredinprat.fr, www.bredinprat.eu] (ci-apr\u00e8s le \u00ab\u00a0Site Web\u00a0\u00bb) est \u00e9dit\u00e9 par Bredin Prat AARPI, situ\u00e9 53 quai d\u2019Orsay,<\/p>\n<p>75007 Paris, France,<br \/>\nT\u00e9l. : +33 1 44 35 35 35,<br \/>\nFax : +33\u00a0 1 42 89 10 73 (ci-apr\u00e8s le \u00ab\u00a0Cabinet\u00a0\u00bb).<br \/>\nN\u00b0 de TVA intracommunautaire\u00a0: FR74784349037<\/p>\n<p>Le Site Web a \u00e9t\u00e9 soumis \u00e0 l&rsquo;Ordre des Avocats du Barreau de Paris, France.<\/p>\n<p>&nbsp;<\/p>\n<h4>Conception et r\u00e9alisation<\/h4>\n<p>Les Comptoirs<br \/>\n7 rue Balzac 75008 Paris<br \/>\nT\u00e9l. : +33 (0)1\u00a053 83 92 40<br \/>\nMail :\u00a0<a href=\"mailto:info@lescomptoirs.com\">info@lescomptoirs.com<\/a><br \/>\n<a href=\"http:\/\/www.lescomptoirs.com\" target=\"_blank\" rel=\"noopener noreferrer\">www.lescomptoirs.com<\/a><\/p>\n<p>&nbsp;<\/p>\n<h4>H\u00e9bergement<\/h4>\n<p>L&rsquo;h\u00e9bergeur du Site Web est Nfrance<br \/>\n4 rue J.F Kennedy 31000 Toulouse, France,<br \/>\nT\u00e9l. : +33 5 34 45 55 00<\/p>\n<p>&nbsp;<\/p>\n<h3>Responsable de la Publication<\/h3>\n<h4>Contrefa\u00e7on<\/h4>\n<p>Toute utilisation non autoris\u00e9e, par des tiers, de tout ou partie des marques, mod\u00e8les, logos, droits d&rsquo;auteur et autres droits de propri\u00e9t\u00e9 intellectuelle et industrielle utilis\u00e9s sur ce site, est susceptible de donner lieu \u00e0 des poursuites judiciaires. Toute information concernant notre soci\u00e9t\u00e9, de quelque nature que ce soit, se retrouvant sur le r\u00e9seau internet, en dehors de notre site et qui aurait \u00e9t\u00e9 transmise sans notre autorisation ni contr\u00f4le ne saurait engager notre responsabilit\u00e9. Photos non contractuelles.<\/p>\n<p>Le Directeur de la publication du Site Web est M. Benjamin Kanovitch.<\/p>\n<p>&nbsp;<\/p>\n<h3>Loi informatique et libert\u00e9<\/h3>\n<p>Conform\u00e9ment \u00e0 la loi du 6 janvier 1978, nous vous pr\u00e9cisons que le cabinet Bredin Prat est le seul destinataire des informations et des donn\u00e9es personnelles transmises par courrier \u00e9lectronique. Vous disposez d&rsquo;un droit d&rsquo;acc\u00e8s, de modification et de suppression des donn\u00e9es personnelles qui vous concernent, il suffit d&rsquo;en faire la demande \u00e0 <a href=\"mailto:info@bredinprat.com\">info@bredinprat.com<\/a>.<\/p>\n<p>&nbsp;<\/p>\n<h3>Formulaire de contact \u00e0 propos de votre droit d&rsquo;acc\u00e8s :<\/h3>\n<p>Les informations recueillies aupr\u00e8s des personnes par le biais du formulaire de recrutement ne sauraient \u00eatre divulgu\u00e9es \u00e0 des personnes autres que celles composant notre soci\u00e9t\u00e9. Toutefois, tel que l&rsquo;exige la loi Informatique et Libert\u00e9s nous vous informons que vos r\u00e9ponses sont facultatives et que le d\u00e9faut de r\u00e9ponse n&rsquo;entra\u00eenera aucune cons\u00e9quence particuli\u00e8re. N\u00e9anmoins, vos r\u00e9ponses doivent \u00eatre suffisantes pour nous permettre de traiter l&rsquo;information.<\/p>\n<p>En envoyant un courrier \u00e9lectronique au Cabinet au moyen d&rsquo;un lien de type \u00ab\u00a0mailto\u00a0\u00bb se trouvant sur le Site Web (tel que d\u00e9fini ci-dessus) ou en acc\u00e9dant et\/ou en utilisant le Site Web, chaque personne physique d\u00e9clare et garantit qu&rsquo;elle a pris pr\u00e9alablement connaissance des informations l\u00e9gales, des r\u00e8gles applicables \u00e0 la protection des donn\u00e9es \u00e0 caract\u00e8re personnel et des conditions d&rsquo;utilisation et qu&rsquo;elle en accepte les termes et conditions sans r\u00e9serve, modification ou restriction.<\/p>\n","protected":false},"excerpt":{"rendered":"<p>INFORMATIONS LEGALES Le pr\u00e9sent site web, accessible \u00e0 partir de l&rsquo;adresse URL www.bredinprat.com [et \u00e0 l&rsquo;adresse URL www.bredinprat.fr, www.bredinprat.eu] (ci-apr\u00e8s le \u00ab\u00a0Site Web\u00a0\u00bb) est \u00e9dit\u00e9 par Bredin Prat AARPI, situ\u00e9 53 quai d\u2019Orsay, 75007 Paris, France, T\u00e9l. : +33 1 44 35 35 35, Fax : +33\u00a0 1 42 89 10 73 (ci-apr\u00e8s le \u00ab\u00a0Cabinet\u00a0\u00bb). ..<br \/><a href=\"https:\/\/www.bredinprat.fr\/fr\/mentions-legales\/\">Read More&#8230;<\/a><\/p>\n","protected":false},"author":8,"featured_media":0,"parent":0,"menu_order":19,"comment_status":"closed","ping_status":"closed","template":"page-template\/page-3-col.php","meta":{"_acf_changed":false,"footnotes":""},"class_list":["post-343","page","type-page","status-publish","hentry"],"acf":[],"yoast_head":"<!-- This site is optimized with the Yoast SEO plugin v26.4 - https:\/\/yoast.com\/wordpress\/plugins\/seo\/ -->\n<title>Mentions L\u00e9gales | Bredin Prat<\/title>\n<meta name=\"description\" content=\"Le pr\u00e9sent site web est \u00e9dit\u00e9 par Bredin Prat SAS, situ\u00e9 au 53 quai d\u2019Orsay, 75007 Paris, France.\" \/>\n<meta name=\"robots\" content=\"index, follow, max-snippet:-1, max-image-preview:large, max-video-preview:-1\" \/>\n<link rel=\"canonical\" href=\"https:\/\/www.bredinprat.fr\/fr\/mentions-legales\/\" \/>\n<meta property=\"og:locale\" content=\"fr_FR\" \/>\n<meta property=\"og:type\" content=\"article\" \/>\n<meta property=\"og:title\" content=\"Mentions L\u00e9gales | Bredin Prat\" \/>\n<meta property=\"og:description\" content=\"Le pr\u00e9sent site web est \u00e9dit\u00e9 par Bredin Prat SAS, situ\u00e9 au 53 quai d\u2019Orsay, 75007 Paris, France.\" \/>\n<meta property=\"og:url\" content=\"https:\/\/www.bredinprat.fr\/fr\/mentions-legales\/\" \/>\n<meta property=\"og:site_name\" content=\"Bredin Prat\" \/>\n<meta property=\"article:modified_time\" content=\"2024-01-23T11:54:44+00:00\" \/>\n<meta name=\"twitter:card\" content=\"summary_large_image\" \/>\n<meta name=\"twitter:label1\" content=\"Dur\u00e9e de lecture estim\u00e9e\" \/>\n\t<meta name=\"twitter:data1\" content=\"3 minutes\" \/>\n<script type=\"application\/ld+json\" class=\"yoast-schema-graph\">{\"@context\":\"https:\/\/schema.org\",\"@graph\":[{\"@type\":\"WebPage\",\"@id\":\"https:\/\/www.bredinprat.fr\/fr\/mentions-legales\/\",\"url\":\"https:\/\/www.bredinprat.fr\/fr\/mentions-legales\/\",\"name\":\"Mentions L\u00e9gales | Bredin Prat\",\"isPartOf\":{\"@id\":\"https:\/\/www.bredinprat.fr\/fr\/#website\"},\"datePublished\":\"2015-11-04T11:29:03+00:00\",\"dateModified\":\"2024-01-23T11:54:44+00:00\",\"description\":\"Le pr\u00e9sent site web est \u00e9dit\u00e9 par Bredin Prat SAS, situ\u00e9 au 53 quai d\u2019Orsay, 75007 Paris, France.\",\"breadcrumb\":{\"@id\":\"https:\/\/www.bredinprat.fr\/fr\/mentions-legales\/#breadcrumb\"},\"inLanguage\":\"fr-FR\",\"potentialAction\":[{\"@type\":\"ReadAction\",\"target\":[\"https:\/\/www.bredinprat.fr\/fr\/mentions-legales\/\"]}]},{\"@type\":\"BreadcrumbList\",\"@id\":\"https:\/\/www.bredinprat.fr\/fr\/mentions-legales\/#breadcrumb\",\"itemListElement\":[{\"@type\":\"ListItem\",\"position\":1,\"name\":\"Accueil\",\"item\":\"https:\/\/www.bredinprat.fr\/fr\/\"},{\"@type\":\"ListItem\",\"position\":2,\"name\":\"Mentions l\u00e9gales\"}]},{\"@type\":\"WebSite\",\"@id\":\"https:\/\/www.bredinprat.fr\/fr\/#website\",\"url\":\"https:\/\/www.bredinprat.fr\/fr\/\",\"name\":\"Bredin Prat\",\"description\":\"Cabinet d&#039;avocats fran\u00e7ais ind\u00e9pendant \u00e0 Paris et \u00e0 Bruxelles\",\"publisher\":{\"@id\":\"https:\/\/www.bredinprat.fr\/fr\/#organization\"},\"potentialAction\":[{\"@type\":\"SearchAction\",\"target\":{\"@type\":\"EntryPoint\",\"urlTemplate\":\"https:\/\/www.bredinprat.fr\/fr\/?s={search_term_string}\"},\"query-input\":{\"@type\":\"PropertyValueSpecification\",\"valueRequired\":true,\"valueName\":\"search_term_string\"}}],\"inLanguage\":\"fr-FR\"},{\"@type\":\"Organization\",\"@id\":\"https:\/\/www.bredinprat.fr\/fr\/#organization\",\"name\":\"Bredin Prat\",\"url\":\"https:\/\/www.bredinprat.fr\/fr\/\",\"logo\":{\"@type\":\"ImageObject\",\"inLanguage\":\"fr-FR\",\"@id\":\"https:\/\/www.bredinprat.fr\/fr\/#\/schema\/logo\/image\/\",\"url\":\"https:\/\/www.bredinprat.fr\/wp-content\/uploads\/2015\/10\/Logo_BP.gif\",\"contentUrl\":\"https:\/\/www.bredinprat.fr\/wp-content\/uploads\/2015\/10\/Logo_BP.gif\",\"width\":4246,\"height\":258,\"caption\":\"Bredin Prat\"},\"image\":{\"@id\":\"https:\/\/www.bredinprat.fr\/fr\/#\/schema\/logo\/image\/\"}}]}<\/script>\n<!-- \/ Yoast SEO plugin. -->","yoast_head_json":{"title":"Mentions L\u00e9gales | Bredin Prat","description":"Le pr\u00e9sent site web est \u00e9dit\u00e9 par Bredin Prat SAS, situ\u00e9 au 53 quai d\u2019Orsay, 75007 Paris, France.","robots":{"index":"index","follow":"follow","max-snippet":"max-snippet:-1","max-image-preview":"max-image-preview:large","max-video-preview":"max-video-preview:-1"},"canonical":"https:\/\/www.bredinprat.fr\/fr\/mentions-legales\/","og_locale":"fr_FR","og_type":"article","og_title":"Mentions L\u00e9gales | Bredin Prat","og_description":"Le pr\u00e9sent site web est \u00e9dit\u00e9 par Bredin Prat SAS, situ\u00e9 au 53 quai d\u2019Orsay, 75007 Paris, France.","og_url":"https:\/\/www.bredinprat.fr\/fr\/mentions-legales\/","og_site_name":"Bredin Prat","article_modified_time":"2024-01-23T11:54:44+00:00","twitter_card":"summary_large_image","twitter_misc":{"Dur\u00e9e de lecture estim\u00e9e":"3 minutes"},"schema":{"@context":"https:\/\/schema.org","@graph":[{"@type":"WebPage","@id":"https:\/\/www.bredinprat.fr\/fr\/mentions-legales\/","url":"https:\/\/www.bredinprat.fr\/fr\/mentions-legales\/","name":"Mentions L\u00e9gales | Bredin Prat","isPartOf":{"@id":"https:\/\/www.bredinprat.fr\/fr\/#website"},"datePublished":"2015-11-04T11:29:03+00:00","dateModified":"2024-01-23T11:54:44+00:00","description":"Le pr\u00e9sent site web est \u00e9dit\u00e9 par Bredin Prat SAS, situ\u00e9 au 53 quai d\u2019Orsay, 75007 Paris, France.","breadcrumb":{"@id":"https:\/\/www.bredinprat.fr\/fr\/mentions-legales\/#breadcrumb"},"inLanguage":"fr-FR","potentialAction":[{"@type":"ReadAction","target":["https:\/\/www.bredinprat.fr\/fr\/mentions-legales\/"]}]},{"@type":"BreadcrumbList","@id":"https:\/\/www.bredinprat.fr\/fr\/mentions-legales\/#breadcrumb","itemListElement":[{"@type":"ListItem","position":1,"name":"Accueil","item":"https:\/\/www.bredinprat.fr\/fr\/"},{"@type":"ListItem","position":2,"name":"Mentions l\u00e9gales"}]},{"@type":"WebSite","@id":"https:\/\/www.bredinprat.fr\/fr\/#website","url":"https:\/\/www.bredinprat.fr\/fr\/","name":"Bredin Prat","description":"Cabinet d&#039;avocats fran\u00e7ais ind\u00e9pendant \u00e0 Paris et \u00e0 Bruxelles","publisher":{"@id":"https:\/\/www.bredinprat.fr\/fr\/#organization"},"potentialAction":[{"@type":"SearchAction","target":{"@type":"EntryPoint","urlTemplate":"https:\/\/www.bredinprat.fr\/fr\/?s={search_term_string}"},"query-input":{"@type":"PropertyValueSpecification","valueRequired":true,"valueName":"search_term_string"}}],"inLanguage":"fr-FR"},{"@type":"Organization","@id":"https:\/\/www.bredinprat.fr\/fr\/#organization","name":"Bredin Prat","url":"https:\/\/www.bredinprat.fr\/fr\/","logo":{"@type":"ImageObject","inLanguage":"fr-FR","@id":"https:\/\/www.bredinprat.fr\/fr\/#\/schema\/logo\/image\/","url":"https:\/\/www.bredinprat.fr\/wp-content\/uploads\/2015\/10\/Logo_BP.gif","contentUrl":"https:\/\/www.bredinprat.fr\/wp-content\/uploads\/2015\/10\/Logo_BP.gif","width":4246,"height":258,"caption":"Bredin Prat"},"image":{"@id":"https:\/\/www.bredinprat.fr\/fr\/#\/schema\/logo\/image\/"}}]}},"_links":{"self":[{"href":"https:\/\/www.bredinprat.fr\/fr\/wp-json\/wp\/v2\/pages\/343","targetHints":{"allow":["GET"]}}],"collection":[{"href":"https:\/\/www.bredinprat.fr\/fr\/wp-json\/wp\/v2\/pages"}],"about":[{"href":"https:\/\/www.bredinprat.fr\/fr\/wp-json\/wp\/v2\/types\/page"}],"author":[{"embeddable":true,"href":"https:\/\/www.bredinprat.fr\/fr\/wp-json\/wp\/v2\/users\/8"}],"replies":[{"embeddable":true,"href":"https:\/\/www.bredinprat.fr\/fr\/wp-json\/wp\/v2\/comments?post=343"}],"version-history":[{"count":48,"href":"https:\/\/www.bredinprat.fr\/fr\/wp-json\/wp\/v2\/pages\/343\/revisions"}],"predecessor-version":[{"id":17626,"href":"https:\/\/www.bredinprat.fr\/fr\/wp-json\/wp\/v2\/pages\/343\/revisions\/17626"}],"wp:attachment":[{"href":"https:\/\/www.bredinprat.fr\/fr\/wp-json\/wp\/v2\/media?parent=343"}],"curies":[{"name":"wp","href":"https:\/\/api.w.org\/{rel}","templated":true}]}}