{"version":"1.0","provider_name":"Bredin Prat","provider_url":"https:\/\/www.bredinprat.fr\/fr\/","author_name":"Aur\u00e9lie Simon","author_url":"https:\/\/www.bredinprat.fr\/fr\/author\/a-simon\/","title":"Droit du num\u00e9rique et Propri\u00e9t\u00e9 intellectuelle - Bredin Prat","type":"rich","width":600,"height":338,"html":"<blockquote class=\"wp-embedded-content\" data-secret=\"7fbS3xeYwA\"><a href=\"https:\/\/www.bredinprat.fr\/fr\/competences\/droit-du-numerique\/\">Droit du num\u00e9rique et Propri\u00e9t\u00e9 intellectuelle<\/a><\/blockquote><iframe sandbox=\"allow-scripts\" security=\"restricted\" src=\"https:\/\/www.bredinprat.fr\/fr\/competences\/droit-du-numerique\/embed\/#?secret=7fbS3xeYwA\" width=\"600\" height=\"338\" title=\"\u00ab\u00a0Droit du num\u00e9rique et Propri\u00e9t\u00e9 intellectuelle\u00a0\u00bb &#8212; Bredin Prat\" data-secret=\"7fbS3xeYwA\" frameborder=\"0\" marginwidth=\"0\" marginheight=\"0\" scrolling=\"no\" class=\"wp-embedded-content\"><\/iframe><script type=\"text\/javascript\">\n\/* <![CDATA[ *\/\n\/*! This file is auto-generated *\/\n!function(d,l){\"use strict\";l.querySelector&&d.addEventListener&&\"undefined\"!=typeof URL&&(d.wp=d.wp||{},d.wp.receiveEmbedMessage||(d.wp.receiveEmbedMessage=function(e){var t=e.data;if((t||t.secret||t.message||t.value)&&!\/[^a-zA-Z0-9]\/.test(t.secret)){for(var s,r,n,a=l.querySelectorAll('iframe[data-secret=\"'+t.secret+'\"]'),o=l.querySelectorAll('blockquote[data-secret=\"'+t.secret+'\"]'),c=new RegExp(\"^https?:$\",\"i\"),i=0;i<o.length;i++)o[i].style.display=\"none\";for(i=0;i<a.length;i++)s=a[i],e.source===s.contentWindow&&(s.removeAttribute(\"style\"),\"height\"===t.message?(1e3<(r=parseInt(t.value,10))?r=1e3:~~r<200&&(r=200),s.height=r):\"link\"===t.message&&(r=new URL(s.getAttribute(\"src\")),n=new URL(t.value),c.test(n.protocol))&&n.host===r.host&&l.activeElement===s&&(d.top.location.href=t.value))}},d.addEventListener(\"message\",d.wp.receiveEmbedMessage,!1),l.addEventListener(\"DOMContentLoaded\",function(){for(var e,t,s=l.querySelectorAll(\"iframe.wp-embedded-content\"),r=0;r<s.length;r++)(t=(e=s[r]).getAttribute(\"data-secret\"))||(t=Math.random().toString(36).substring(2,12),e.src+=\"#?secret=\"+t,e.setAttribute(\"data-secret\",t)),e.contentWindow.postMessage({message:\"ready\",secret:t},\"*\")},!1)))}(window,document);\n\/* ]]> *\/\n<\/script>\n","thumbnail_url":"https:\/\/www.bredinprat.fr\/wp-content\/uploads\/2016\/12\/IMG_3740-e1485279431944.jpg","thumbnail_width":565,"thumbnail_height":493,"description":"L\u2019\u00e9quipe d\u00e9di\u00e9e au droit du num\u00e9rique et \u00e0 la propri\u00e9t\u00e9 intellectuelle, compos\u00e9e d\u2019une counsel et de trois collaborateurs, conseille r\u00e9guli\u00e8rement une large client\u00e8le fran\u00e7aise et internationale issue de diff\u00e9rents secteurs d\u2019activit\u00e9, sur leurs enjeux juridiques relatifs \u00e0 l\u2019innovation et \u00e0 la propri\u00e9t\u00e9 intellectuelle. L\u2019expertise de l\u2019\u00e9quipe couvre notamment le droit de la donn\u00e9e, les r\u00e9glementations ..Read More..."}